{"id":2149,"date":"2024-06-27T08:35:23","date_gmt":"2024-06-27T06:35:23","guid":{"rendered":"https:\/\/lagolodge.ch\/seminaires-au-lagolodge\/"},"modified":"2025-12-06T18:59:44","modified_gmt":"2025-12-06T16:59:44","slug":"seminaires-au-lagolodge","status":"publish","type":"page","link":"https:\/\/lagolodge.ch\/fr\/seminaires-au-lagolodge\/","title":{"rendered":"S\u00e9minaires au LagoLodge"},"content":{"rendered":"\t\t<div data-elementor-type=\"wp-page\" data-elementor-id=\"2149\" class=\"elementor elementor-2149 elementor-34\" data-elementor-post-type=\"page\">\n\t\t\t\t<div data-dce-background-image-url=\"https:\/\/www.beta24.lagolodge.ch\/wp-content\/uploads\/2024\/07\/Saal-OG.jpg\" class=\"elementor-element elementor-element-acfea52 e-con-full e-flex e-con e-parent\" data-id=\"acfea52\" data-element_type=\"container\" data-e-type=\"container\" data-settings=\"{&quot;background_background&quot;:&quot;classic&quot;,&quot;background_motion_fx_motion_fx_scrolling&quot;:&quot;yes&quot;,&quot;background_motion_fx_range&quot;:&quot;viewport&quot;,&quot;background_motion_fx_translateY_effect&quot;:&quot;yes&quot;,&quot;background_motion_fx_translateY_speed&quot;:{&quot;unit&quot;:&quot;px&quot;,&quot;size&quot;:&quot;5&quot;,&quot;sizes&quot;:[]},&quot;background_motion_fx_translateY_affectedRange&quot;:{&quot;unit&quot;:&quot;%&quot;,&quot;size&quot;:&quot;&quot;,&quot;sizes&quot;:{&quot;start&quot;:0,&quot;end&quot;:100}},&quot;background_motion_fx_devices&quot;:[&quot;desktop&quot;,&quot;tablet&quot;,&quot;mobile&quot;]}\">\n\t\t\t\t<div class=\"elementor-element elementor-element-5da7b4f elementor-widget__width-inherit elementor-skin-carousel elementor-widget elementor-widget-media-carousel\" data-id=\"5da7b4f\" data-element_type=\"widget\" data-e-type=\"widget\" data-settings=\"{&quot;effect&quot;:&quot;fade&quot;,&quot;speed&quot;:1500,&quot;autoplay_speed&quot;:3000,&quot;space_between&quot;:{&quot;unit&quot;:&quot;px&quot;,&quot;size&quot;:&quot;0&quot;,&quot;sizes&quot;:[]},&quot;lazyload&quot;:&quot;yes&quot;,&quot;skin&quot;:&quot;carousel&quot;,&quot;autoplay&quot;:&quot;yes&quot;,&quot;loop&quot;:&quot;yes&quot;,&quot;space_between_tablet&quot;:{&quot;unit&quot;:&quot;px&quot;,&quot;size&quot;:10,&quot;sizes&quot;:[]},&quot;space_between_mobile&quot;:{&quot;unit&quot;:&quot;px&quot;,&quot;size&quot;:10,&quot;sizes&quot;:[]}}\" data-widget_type=\"media-carousel.default\">\n\t\t\t\t<div class=\"elementor-widget-container\">\n\t\t\t\t\t\t\t\t\t<div class=\"elementor-swiper\">\n\t\t\t\t\t<div class=\"elementor-main-swiper swiper\" role=\"region\" aria-roledescription=\"carousel\" aria-label=\"Slider\">\n\t\t\t\t<div class=\"swiper-wrapper\">\n\t\t\t\t\t\t\t\t\t\t\t<div class=\"swiper-slide\" role=\"group\" aria-roledescription=\"slide\">\n\t\t\t\t\t\t\t\t\t<div class=\"elementor-carousel-image swiper-lazy\" role=\"img\" aria-label=\"Seminar Detail\" data-background=\"https:\/\/lagolodge.ch\/wp-content\/uploads\/2024\/12\/Seminar-Detail.jpg\">\n\n\t\t\t\t\t\t\t<div class=\"swiper-lazy-preloader\"><\/div>\n\t\t\t\n\t\t\t\t\t<\/div>\n\t\t\t\t\t\t\t\t<\/div>\n\t\t\t\t\t\t\t\t\t\t\t<div class=\"swiper-slide\" role=\"group\" aria-roledescription=\"slide\">\n\t\t\t\t\t\t\t\t\t<div class=\"elementor-carousel-image swiper-lazy\" role=\"img\" aria-label=\"Saal OG\" data-background=\"https:\/\/lagolodge.ch\/wp-content\/uploads\/2024\/12\/Saal-OG-neue-Tische-NS-1-2048x1536.jpg\">\n\n\t\t\t\t\t\t\t<div class=\"swiper-lazy-preloader\"><\/div>\n\t\t\t\n\t\t\t\t\t<\/div>\n\t\t\t\t\t\t\t\t<\/div>\n\t\t\t\t\t\t\t\t\t\t\t<div class=\"swiper-slide\" role=\"group\" aria-roledescription=\"slide\">\n\t\t\t\t\t\t\t\t\t<div class=\"elementor-carousel-image swiper-lazy\" role=\"img\" aria-label=\"Saal OG Swisshostels NS\" data-background=\"https:\/\/lagolodge.ch\/wp-content\/uploads\/2024\/12\/Saal-OG-Swisshostels-NS-1-2048x1536.jpg\">\n\n\t\t\t\t\t\t\t<div class=\"swiper-lazy-preloader\"><\/div>\n\t\t\t\n\t\t\t\t\t<\/div>\n\t\t\t\t\t\t\t\t<\/div>\n\t\t\t\t\t\t\t\t\t<\/div>\n\t\t\t\t\t\t\t\t\t\t\t\t\t\t\t\t\t\t\t\t\t<\/div>\n\t\t\t\t<\/div>\n\t\t\t\t\t\t\t\t<\/div>\n\t\t\t\t<\/div>\n\t\t\t\t<\/div>\n\t\t<div class=\"elementor-element elementor-element-5cc9e15 e-flex e-con-boxed e-con e-parent\" data-id=\"5cc9e15\" data-element_type=\"container\" data-e-type=\"container\">\n\t\t\t\t\t<div class=\"e-con-inner\">\n\t\t\t\t<div class=\"elementor-element elementor-element-8d9372d elementor-widget elementor-widget-heading\" data-id=\"8d9372d\" data-element_type=\"widget\" data-e-type=\"widget\" data-widget_type=\"heading.default\">\n\t\t\t\t<div class=\"elementor-widget-container\">\n\t\t\t\t\t<h1 class=\"elementor-heading-title elementor-size-default\">S\u00e9minaires et conf\u00e9rences<\/h1>\t\t\t\t<\/div>\n\t\t\t\t<\/div>\n\t\t\t\t<div data-dce-text-color=\"#FFFFFF\" class=\"elementor-element elementor-element-27bfee0 elementor-widget__width-initial elementor-widget elementor-widget-text-editor\" data-id=\"27bfee0\" data-element_type=\"widget\" data-e-type=\"widget\" data-widget_type=\"text-editor.default\">\n\t\t\t\t<div class=\"elementor-widget-container\">\n\t\t\t\t\t\t\t\t\t<p style=\"text-align: center;\">\u00c0 l&rsquo;\u00e9tage sup\u00e9rieur se trouve une salle de s\u00e9minaire avec une cuisine\u00a0<span style=\"letter-spacing: 0px; word-spacing: 0em;\">adjacente\u00a0<\/span><span style=\"letter-spacing: 0px; word-spacing: 0em;\">pour les invit\u00e9s et une salle de r\u00e9union. Les salles peuvent \u00eatre lou\u00e9es pour des r\u00e9unions, des conf\u00e9rences, des s\u00e9minaires, etc.<\/span><\/p><p>Pour les \u00e9coles qui passent la nuit chez nous, l&rsquo;utilisation de la salle et de la cuisine d&rsquo;h\u00f4tes est gratuite. Attention ! La r\u00e9servation est toutefois obligatoire.<\/p>\t\t\t\t\t\t\t\t<\/div>\n\t\t\t\t<\/div>\n\t\t\t\t<div class=\"elementor-element elementor-element-8079c28 elementor-widget elementor-widget-button\" data-id=\"8079c28\" data-element_type=\"widget\" data-e-type=\"widget\" data-widget_type=\"button.default\">\n\t\t\t\t<div class=\"elementor-widget-container\">\n\t\t\t\t\t\t\t\t\t<div class=\"elementor-button-wrapper\">\n\t\t\t\t\t<a class=\"elementor-button elementor-button-link elementor-size-sm elementor-animation-grow\" href=\"https:\/\/lagolodge.ch\/fr\/demande-de-location-de-salle\/\">\n\t\t\t\t\t\t<span class=\"elementor-button-content-wrapper\">\n\t\t\t\t\t\t\t\t\t<span class=\"elementor-button-text\">Demande de location de salle<\/span>\n\t\t\t\t\t<\/span>\n\t\t\t\t\t<\/a>\n\t\t\t\t<\/div>\n\t\t\t\t\t\t\t\t<\/div>\n\t\t\t\t<\/div>\n\t\t\t\t\t<\/div>\n\t\t\t\t<\/div>\n\t\t<div class=\"elementor-element elementor-element-9074158 e-flex e-con-boxed e-con e-parent\" data-id=\"9074158\" data-element_type=\"container\" data-e-type=\"container\">\n\t\t\t\t\t<div class=\"e-con-inner\">\n\t\t\t\t<div class=\"elementor-element elementor-element-1964dec elementor-widget elementor-widget-heading\" data-id=\"1964dec\" data-element_type=\"widget\" data-e-type=\"widget\" data-widget_type=\"heading.default\">\n\t\t\t\t<div class=\"elementor-widget-container\">\n\t\t\t\t\t<h2 class=\"elementor-heading-title elementor-size-default\">La salle de s\u00e9minaire<\/h2>\t\t\t\t<\/div>\n\t\t\t\t<\/div>\n\t\t\t\t<div data-dce-text-color=\"#FFFFFF\" class=\"elementor-element elementor-element-bd54dfb elementor-widget__width-initial elementor-widget elementor-widget-text-editor\" data-id=\"bd54dfb\" data-element_type=\"widget\" data-e-type=\"widget\" data-widget_type=\"text-editor.default\">\n\t\t\t\t<div class=\"elementor-widget-container\">\n\t\t\t\t\t\t\t\t\t<p style=\"text-align: left;\">Notre salle de s\u00e9minaire \u00e0 l&rsquo;\u00e9tage sup\u00e9rieur (dimensions : environ 8 x 4,5 m\u00e8tres) avec cuisine adjacente est id\u00e9ale pour les petits s\u00e9minaires, les r\u00e9unions, les cours th\u00e9oriques, les conf\u00e9rences, les diaporamas, les projections de films ou les f\u00eates.<\/p><p>La salle de s\u00e9minaire peut \u00eatre obscurcie et les tables et les chaises peuvent \u00eatre adapt\u00e9es individuellement aux besoins correspondants. Ainsi, les 8 tables peuvent accueillir 16 personnes au maximum. En si\u00e8ges de cin\u00e9ma, sans tables, la salle peut accueillir au maximum 40 personnes.<\/p><p>Des prises de courant le long des murs, des rallonges et des rails de prises ainsi que le W-LAN permettent d&rsquo;utiliser sans probl\u00e8me des ordinateurs portables. Un vid\u00e9oprojecteur est mont\u00e9 au plafond et peut \u00eatre connect\u00e9 \u00e0 l&rsquo;ordinateur portable via Clickshare (sans son) ou via un c\u00e2ble HDMI (avec son).<\/p>\t\t\t\t\t\t\t\t<\/div>\n\t\t\t\t<\/div>\n\t\t\t\t<div class=\"elementor-element elementor-element-061461e elementor-widget elementor-widget-heading\" data-id=\"061461e\" data-element_type=\"widget\" data-e-type=\"widget\" data-widget_type=\"heading.default\">\n\t\t\t\t<div class=\"elementor-widget-container\">\n\t\t\t\t\t<h3 class=\"elementor-heading-title elementor-size-default\">Location de salle<\/h3>\t\t\t\t<\/div>\n\t\t\t\t<\/div>\n\t\t\t\t<div class=\"elementor-element elementor-element-4a529bf elementor-widget elementor-widget-shortcode\" data-id=\"4a529bf\" data-element_type=\"widget\" data-e-type=\"widget\" data-widget_type=\"shortcode.default\">\n\t\t\t\t<div class=\"elementor-widget-container\">\n\t\t\t\t\t\t\t<div class=\"elementor-shortcode\">\n<table id=\"tablepress-22\" class=\"tablepress tablepress-id-22\">\n<tbody class=\"row-hover\">\n<tr class=\"row-1\">\n\t<td class=\"column-1\">Nouveaux prix \u00e0 partir du 1.1.2026<\/td><td class=\"column-2\"><\/td>\n<\/tr>\n<tr class=\"row-2\">\n\t<td class=\"column-1\">Prix par personne<\/td><td class=\"column-2\">CHF 10.00<\/td>\n<\/tr>\n<tr class=\"row-3\">\n\t<td class=\"column-1\">Prix maximum par jour<\/td><td class=\"column-2\">CHF 200.00<\/td>\n<\/tr>\n<tr class=\"row-4\">\n\t<td class=\"column-1\">Appareils Location par pi\u00e8ce<\/td><td class=\"column-2\">CHF 10.00<\/td>\n<\/tr>\n<\/tbody>\n<\/table>\n<\/div>\n\t\t\t\t\t\t<\/div>\n\t\t\t\t<\/div>\n\t\t\t\t\t<\/div>\n\t\t\t\t<\/div>\n\t\t<div class=\"elementor-element elementor-element-5d36c3b e-flex e-con-boxed e-con e-parent\" data-id=\"5d36c3b\" data-element_type=\"container\" data-e-type=\"container\">\n\t\t\t\t\t<div class=\"e-con-inner\">\n\t\t\t\t<div class=\"elementor-element elementor-element-4241007 elementor-widget elementor-widget-heading\" data-id=\"4241007\" data-element_type=\"widget\" data-e-type=\"widget\" data-widget_type=\"heading.default\">\n\t\t\t\t<div class=\"elementor-widget-container\">\n\t\t\t\t\t<h2 class=\"elementor-heading-title elementor-size-default\">La salle de conf\u00e9rence<\/h2>\t\t\t\t<\/div>\n\t\t\t\t<\/div>\n\t\t\t\t<div data-dce-text-color=\"#FFFFFF\" class=\"elementor-element elementor-element-3de7804 elementor-widget__width-initial elementor-widget elementor-widget-text-editor\" data-id=\"3de7804\" data-element_type=\"widget\" data-e-type=\"widget\" data-widget_type=\"text-editor.default\">\n\t\t\t\t<div class=\"elementor-widget-container\">\n\t\t\t\t\t\t\t\t\t<p style=\"text-align: left\">La salle de conf\u00e9rence \u00e0 l&rsquo;\u00e9tage peut accueillir 10 personnes au maximum et se pr\u00eate parfaitement aux r\u00e9unions. La salle de conf\u00e9rence peut \u00eatre obscurcie et le rail de connexion ainsi que le W-LAN permettent d&rsquo;utiliser sans probl\u00e8me des ordinateurs portables. Les vid\u00e9oprojecteurs peuvent \u00eatre utilis\u00e9s \u00e0 partir de la table.<\/p>\t\t\t\t\t\t\t\t<\/div>\n\t\t\t\t<\/div>\n\t\t\t\t<div class=\"elementor-element elementor-element-4a2d3e3 elementor-widget elementor-widget-heading\" data-id=\"4a2d3e3\" data-element_type=\"widget\" data-e-type=\"widget\" data-widget_type=\"heading.default\">\n\t\t\t\t<div class=\"elementor-widget-container\">\n\t\t\t\t\t<h3 class=\"elementor-heading-title elementor-size-default\">Location de salle<\/h3>\t\t\t\t<\/div>\n\t\t\t\t<\/div>\n\t\t\t\t<div class=\"elementor-element elementor-element-ad984d7 elementor-widget elementor-widget-shortcode\" data-id=\"ad984d7\" data-element_type=\"widget\" data-e-type=\"widget\" data-widget_type=\"shortcode.default\">\n\t\t\t\t<div class=\"elementor-widget-container\">\n\t\t\t\t\t\t\t<div class=\"elementor-shortcode\">\n<table id=\"tablepress-21\" class=\"tablepress tablepress-id-21\">\n<tbody class=\"row-hover\">\n<tr class=\"row-1\">\n\t<td class=\"column-1\">Nouveaux prix \u00e0 partir du 1.1.2026<\/td><td class=\"column-2\"><\/td>\n<\/tr>\n<tr class=\"row-2\">\n\t<td class=\"column-1\">Prix par personne<\/td><td class=\"column-2\">CHF 10.00<\/td>\n<\/tr>\n<tr class=\"row-3\">\n\t<td class=\"column-1\">Prix maximum par jour<\/td><td class=\"column-2\">CHF 100.00<\/td>\n<\/tr>\n<tr class=\"row-4\">\n\t<td class=\"column-1\">Appareils Location par pi\u00e8ce<\/td><td class=\"column-2\">CHF 10.00<\/td>\n<\/tr>\n<\/tbody>\n<\/table>\n<\/div>\n\t\t\t\t\t\t<\/div>\n\t\t\t\t<\/div>\n\t\t\t\t<div class=\"elementor-element elementor-element-fe71dd8 elementor-widget elementor-widget-button\" data-id=\"fe71dd8\" data-element_type=\"widget\" data-e-type=\"widget\" data-widget_type=\"button.default\">\n\t\t\t\t<div class=\"elementor-widget-container\">\n\t\t\t\t\t\t\t\t\t<div class=\"elementor-button-wrapper\">\n\t\t\t\t\t<a class=\"elementor-button elementor-button-link elementor-size-sm elementor-animation-grow\" href=\"https:\/\/lagolodge.ch\/fr\/demande-de-location-de-salle\/\">\n\t\t\t\t\t\t<span class=\"elementor-button-content-wrapper\">\n\t\t\t\t\t\t\t\t\t<span class=\"elementor-button-text\">Demande de location de salle<\/span>\n\t\t\t\t\t<\/span>\n\t\t\t\t\t<\/a>\n\t\t\t\t<\/div>\n\t\t\t\t\t\t\t\t<\/div>\n\t\t\t\t<\/div>\n\t\t\t\t<div class=\"elementor-element elementor-element-35723d5 elementor-widget elementor-widget-text-editor\" data-id=\"35723d5\" data-element_type=\"widget\" data-e-type=\"widget\" data-widget_type=\"text-editor.default\">\n\t\t\t\t<div class=\"elementor-widget-container\">\n\t\t\t\t\t\t\t\t\t<p>Le prix d&rsquo;utilisation de la salle est calcul\u00e9 par personne. Possibilit\u00e9 de louer un vid\u00e9oprojecteur, un tableau blanc et un flipchart. Le prix est calcul\u00e9 par appareil. Que la\u00a0pi\u00e8ce ou l&rsquo;appareil\u00a0soit utilis\u00e9 pendant une heure ou toute\u00a0une journ\u00e9e ne joue aucun r\u00f4le.<\/p>\t\t\t\t\t\t\t\t<\/div>\n\t\t\t\t<\/div>\n\t\t\t\t\t<\/div>\n\t\t\t\t<\/div>\n\t\t\t\t<\/div>\n\t\t","protected":false},"excerpt":{"rendered":"<p>S\u00e9minaires et conf\u00e9rences \u00c0 l&rsquo;\u00e9tage sup\u00e9rieur se trouve une salle de s\u00e9minaire avec une cuisine\u00a0adjacente\u00a0pour les invit\u00e9s et une salle de r\u00e9union. Les salles peuvent \u00eatre lou\u00e9es pour des r\u00e9unions, des conf\u00e9rences, des s\u00e9minaires, etc. Pour les \u00e9coles qui passent la nuit chez nous, l&rsquo;utilisation de la salle et de la cuisine d&rsquo;h\u00f4tes est gratuite. [&hellip;]<\/p>\n","protected":false},"author":1,"featured_media":0,"parent":0,"menu_order":0,"comment_status":"closed","ping_status":"closed","template":"elementor_header_footer","meta":{"iawp_total_views":515,"footnotes":""},"class_list":["post-2149","page","type-page","status-publish","hentry"],"_links":{"self":[{"href":"https:\/\/lagolodge.ch\/fr\/wp-json\/wp\/v2\/pages\/2149","targetHints":{"allow":["GET"]}}],"collection":[{"href":"https:\/\/lagolodge.ch\/fr\/wp-json\/wp\/v2\/pages"}],"about":[{"href":"https:\/\/lagolodge.ch\/fr\/wp-json\/wp\/v2\/types\/page"}],"author":[{"embeddable":true,"href":"https:\/\/lagolodge.ch\/fr\/wp-json\/wp\/v2\/users\/1"}],"replies":[{"embeddable":true,"href":"https:\/\/lagolodge.ch\/fr\/wp-json\/wp\/v2\/comments?post=2149"}],"version-history":[{"count":35,"href":"https:\/\/lagolodge.ch\/fr\/wp-json\/wp\/v2\/pages\/2149\/revisions"}],"predecessor-version":[{"id":4129,"href":"https:\/\/lagolodge.ch\/fr\/wp-json\/wp\/v2\/pages\/2149\/revisions\/4129"}],"wp:attachment":[{"href":"https:\/\/lagolodge.ch\/fr\/wp-json\/wp\/v2\/media?parent=2149"}],"curies":[{"name":"wp","href":"https:\/\/api.w.org\/{rel}","templated":true}]}}